{"id":26,"date":"2018-03-14T13:10:35","date_gmt":"2018-03-14T19:10:35","guid":{"rendered":"http:\/\/forestales.ujed.mx\/dicaf\/?page_id=26"},"modified":"2021-08-18T13:00:46","modified_gmt":"2021-08-18T19:00:46","slug":"productividad-academica-relevante","status":"publish","type":"page","link":"https:\/\/forestales.ujed.mx\/dicaf\/productividad-academica-relevante\/","title":{"rendered":"Productividad acad\u00e9mica relevante"},"content":{"rendered":"<p>Durante el per\u00edodo 2013-2020 los estudiantes de posgrado, en conjunto con&nbsp; los profesores investigadores del N\u00facleo Acad\u00e9mico B\u00e1sico, han publicado m\u00e1s 100 art\u00edculos cient\u00edficos indexados en el JCR o reconocidas por el CONACyT; asimismo,&nbsp; han participado en 4 libros t\u00e9cnicos, han presentado 126 trabajos en congresos nacionales o internacionales y han generado 4 notas period\u00edsticas. Por otro lado, los miembros del N\u00facleo Acad\u00e9mico B\u00e1sico, en el mismo periodo&nbsp; han publicado m\u00e1s de 200 art\u00edculos cient\u00edficos, han colaborado en 22 libros t\u00e9cnicos &nbsp;y 64 cap\u00edtulos de libros y han presentado 191 ponencias en congresos nacionales o internacionales.<\/p>\n\n\n<h2>Publicaciones cient\u00edficas<\/h2>\n\n\n\n<p><strong>LGAC MANEJO, APROVECHAMIENTO Y CONSERVACI\u00d3N DE LOS RECURSOS NATURALES<\/strong><\/p>\n\n\n\n<p><strong>Art\u00edculos <\/strong><\/p>\n\n\n\n<ul><li><strong>Javier Hern\u00e1ndez-Velasco<\/strong>, Jos\u00e9 Ciro Hern\u00e1ndez-D\u00edaz, J.Jes\u00fas Vargas-Hern\u00e1ndez, Valerie Hipkins, Jos\u00e9 \u00c1ngel Prieto-Ru\u00edz, <strong>Alberto P\u00e9rez-Luna<\/strong>&nbsp;y Christian Wehenkel. Hibridaci\u00f3n natural en rodales semilleros de siete&nbsp;especies de&nbsp;<em>Pinus<\/em>&nbsp;mexicano. <em>Nuevos Bosques<\/em>&nbsp;(2021).<\/li><\/ul>\n\n\n\n<p>     <a href=\"https:\/\/doi.org\/10.1007\/s11056-021-09868-9\">https:\/\/doi.org\/10.1007\/s11056-021-09868-9<\/a><\/p>\n\n\n\n<ul><li><strong>Oswaldo Moreno-Anguiano<\/strong>, Artemio Carrillo-Parra, Jos\u00e9 G. Rutiaga-Qui\u00f1ones, Christian Wehenkel, Mar\u00edn Pompa-Garc\u00eda, Francisco M\u00e1rquez-Montesino y Luis F. Pintor-Ibarra. Chemical composition of Luffa aegyptiaca Mill., Agave durangensis Gentry and Pennisetum sp. PeerJ 22 January 2021.<\/li><\/ul>\n\n\n\n<p>     <a href=\"https:\/\/doi.org\/10.7717\/peerj.10626\">https:\/\/doi.org\/10.7717\/peerj.10626<\/a><\/p>\n\n\n\n<ul><li><strong>Jes\u00fas Alejandro Soto-Cervantes<\/strong>, Artemio Carrillo-Parra, Rodrigo Rodr\u00edguez-Laguna, Jos\u00e9 Javier Corral-Rivas, Mar\u00edn Pompa-Garc\u00eda y Pedro Antonio Dom\u00ednguez-Calleros. Survival, growth and carbon content in a forest plantation established after a clear-cutting in Durango, Mexico. PeerJ 4 August 2020.<\/li><\/ul>\n\n\n\n<p>     <a href=\"https:\/\/doi.org\/10.7717\/peerj.9506\">https:\/\/doi.org\/10.7717\/peerj.9506<\/a><\/p>\n\n\n\n<ul><li><strong>Sergio Leonel Simental-Rodriguez<\/strong>, <strong>Alberto P\u00e9rez-Luna<\/strong>, Jos\u00e9 Ciro Hern\u00e1ndez-D\u00edaz, Juan Pablo Jaramillo-Correa, Carlos A. L\u00f3pez-S\u00e1nchez, Lluvia Flores-Renter\u00eda, Artemio Carrillo-Parra y Christian Wehenkel. Modelling Shifts and Contraction of Seed Zones in Two Mexican Pine Species by Using Molecular Markers. Forests 2021, 12, 570<\/li><\/ul>\n\n\n\n<p>     <a href=\"https:\/\/doi.org\/10.3390\/f12050570\">https:\/\/doi.org\/10.3390\/f12050570<\/a><\/p>\n\n\n\n<ul><li><strong>Alejandro Leal-S\u00e1enz<\/strong>, Kristen M. Waring, Mitra Menon, Samuel A. Cushman, Andrew Eckert, Lluvia Flores-Renter\u00eda, Jos\u00e9 Ciro Hern\u00e1ndez-D\u00edaz, Carlos Antonio L\u00f3pez-S\u00e1nchez, Jos\u00e9 Hugo Mart\u00ednez-Guerrero y Christian Wehenkel. Morphological Differences in&nbsp;<em>Pinus strobiformis<\/em>&nbsp;Across Latitudinal and Elevational Gradients. Frontiers in Plant Science 22 october 2020.<\/li><\/ul>\n\n\n\n<p>     <a href=\"https:\/\/doi.org\/10.3389\/fpls.2020.559697\">https:\/\/doi.org\/10.3389\/fpls.2020.559697<\/a><\/p>\n\n\n\n<ul><li><strong>Albert Castillo-L\u00f3pez<\/strong>, Wenceslao Santiago-Garc\u00eda, Benedicto Vargas-Larreta, Ger\u00f3nimo Qui\u00f1onez-Barraza, Ra\u00fal Sol\u00eds-Moreno y Jos\u00e9 Javier Corral Rivas. Modelos din\u00e1micos de \u00edndice de sitio para cuatro especies de pino en Oaxaca. Revista Mexicana de Ciencias Forestales Vol. 9 (49).<\/li><\/ul>\n\n\n\n<p>     <a href=\"https:\/\/doi.org\/10.29298\/rmcf.v9i49.185\">https:\/\/doi.org\/10.29298\/rmcf.v9i49.185<\/a><\/p>\n\n\n\n<ul><li><strong>Alberto P\u00e9rez-Luna<\/strong>, Jos\u00e9 \u00c1ngel Prieto-Ru\u00edz, Javier L\u00f3pez-Upton, Artemio Carrillo-Parra, Christian Wehenkel, Jorge Armando Ch\u00e1vez-Simental y Jos\u00e9 Ciro Hern\u00e1ndez-D\u00edaz. Algunos factores que intervienen en el \u00e9xito del injerto lateral de carillas de&nbsp;<em>Pinus engelmannii<\/em>&nbsp;Carr. Forests 2019, 10, 112.<\/li><\/ul>\n\n\n\n<p>     <a href=\"https:\/\/doi.org\/10.3390\/f10020112\">https:\/\/doi.org\/10.3390\/f10020112<\/a><\/p>\n\n\n\n<ul><li><strong>Andrea C. Acosta-Hern\u00e1ndez<\/strong>, Mar\u00edn Pompa-Garc\u00eda y Jes\u00fas Julio Camarero. Una revisi\u00f3n actualizada de las investigaciones dendrocronol\u00f3gicas en M\u00e9xico, un pa\u00eds megadiverso con un alto potencial para las ciencias de los anillos de los \u00e1rboles. <em>Bosques&nbsp;<\/em>2017,<em>&nbsp;8&nbsp;<\/em>(5).<\/li><\/ul>\n\n\n\n<p>     <a href=\"https:\/\/doi.org\/10.3390\/f8050160\">https:\/\/doi.org\/10.3390\/f8050160<\/a><\/p>\n\n\n\n<ul><li><strong>Rosa Elvira Madrid-Aispuro<\/strong>, Jos\u00e9 \u00c1ngel Prieto-Ru\u00edz, Arnulfo Aldrete, Jos\u00e9 Ciro Hern\u00e1ndez-D\u00edaz, Christian Wehenkel, Jorge Armando Ch\u00e1vez-Simental y John G. Mexal. Sustratos alternativos y dosis de fertilizaci\u00f3n en la producci\u00f3n de&nbsp;<em>Pinus cembroides<\/em>&nbsp;Zucc.&nbsp;en vivero. <em>Bosques&nbsp;<\/em>2020,<em>&nbsp;11<\/em>&nbsp;(1).<\/li><\/ul>\n\n\n\n<p>     <a href=\"https:\/\/doi.org\/10.3390\/f11010071\">https:\/\/doi.org\/10.3390\/f11010071<\/a><\/p>\n\n\n\n<ul><li><strong>Juan F. Maciel-Najera<\/strong>, <strong>Javier Hern\u00e1ndez-Velasco<\/strong>, M. Socorro Gonzalez-Elizondo, Jos\u00e9 Ciro Hern\u00e1ndez-D\u00edaz, Carlos A. L\u00f3pez-S\u00e1nchez, <strong>Pablo Ant\u00fanez<\/strong>, Claudia Edith Bail\u00f3n-Soto y Christian Wehenkel. Patrones espaciales inesperados de regeneraci\u00f3n natural en los t\u00edpicos bosques mixtos de pino y encino de edad desigual en la Sierra Madre Occidental, M\u00e9xico. <a href=\"https:\/\/www.sciencedirect.com\/science\/journal\/23519894\/23\/supp\/C\">Volumen 23<\/a>,&nbsp;septiembre de 2020<\/li><\/ul>\n\n\n\n<p>     <a href=\"https:\/\/doi.org\/10.1016\/j.gecco.2020.e01074\">https:\/\/doi.org\/10.1016\/j.gecco.2020.e01074<\/a><\/p>\n\n\n\n<ul><li><strong>Isaac V\u00e1zquez-Cisneros<\/strong>; Jos\u00e9 A. Prieto-Ru\u00edz; Miguel A. L\u00f3pez-L\u00f3pez; Christian Wehenkel; Pedro A. Dom\u00ednguez-Calleros; Fernando E. Mu\u00f1oz-S\u00e1ez. Crecimiento y supervivencia de una plantaci\u00f3n de Pinus greggii Engelm. ex Parl. var. greggii bajo diferentes tratamientos de fertilizaci\u00f3n. Revista Chapingo Serie Ciencias Forestales y del Ambiente, 24(2), 251-264.<\/li><\/ul>\n\n\n\n<p>     <a href=\"http:\/\/dx.doi.org\/10.5154\/r.rchscfa.2017.05.036\">http:\/\/dx.doi.org\/10.5154\/r.rchscfa.2017.05.036<\/a><\/p>\n\n\n\n<ul><li><strong>Jaime Brise\u00f1o-Reyes<\/strong>, Jos\u00e9 Javier Corral-Rivas, Ra\u00fal Sol\u00eds-Moreno, Jaime Roberto Padilla-Mart\u00ednez, Daniel Jos\u00e9 Vega-Nieva, Pablito Marcelo L\u00f3pez-Serrano<strong>,<\/strong> Benedicto Vargas-Larreta, Ulises Di\u00e9guez-Aranda, Ger\u00f3nimo Qui\u00f1onez-Barraza y Carlos Antonio L\u00f3pez-S\u00e1nchez. Modelos individuales de crecimiento de altura y di\u00e1metro de \u00e1rbol para 30 especies de \u00e1rboles en bosques de especies mixtas y de edad desigual de M\u00e9xico. <em>Bosques&nbsp;<\/em>2020,&nbsp;<em>11<\/em>&nbsp;(4), 429.<\/li><\/ul>\n\n\n\n<p>     <a href=\"https:\/\/doi.org\/10.3390\/f11040429\">https:\/\/doi.org\/10.3390\/f11040429<\/a><\/p>\n\n\n\n<ul><li><strong>Jes\u00fas Alejandro Soto-Cervantes<\/strong>, Artemio Carrillo-Parra, Rodrigo Rodr\u00edguez-Laguna, Jos\u00e9 Javier Corral-Rivas, Mar\u00edn Pompa-Garc\u00eday Pedro Antonio Dom\u00ednguez-Calleros. Supervivencia, crecimiento y contenido de carbono en una plantaci\u00f3n forestal establecida despu\u00e9s de una tala en Durango, M\u00e9xico. PeerJ&nbsp;8:&nbsp;e9506.<\/li><\/ul>\n\n\n\n<p>     <a href=\"https:\/\/doi.org\/10.7717\/peerj.9506\">https:\/\/doi.org\/10.7717\/peerj.9506<\/a><\/p>\n\n\n\n<ul><li><strong>Marcos Gonz\u00e1lez-C\u00e1sares<\/strong>, Mar\u00edn Pompa-Garc\u00eda, Alejandro Venegas-Gonz\u00e1lez, Pedro Dom\u00ednguez-Calleros, Jos\u00e9 Hern\u00e1ndez-D\u00edaz, Artemio Carrillo-Parray Marco Gonz\u00e1lez-Tagle. Las variaciones hidroclim\u00e1ticas revelan diferencias en la captura de carbono en dos con\u00edferas simp\u00e1tricas en el norte de M\u00e9xico. PeerJ&nbsp;7:&nbsp;e7085.<\/li><\/ul>\n\n\n\n<p>     <a href=\"https:\/\/doi.org\/10.7717\/peerj.7085\">https:\/\/doi.org\/10.7717\/peerj.7085<\/a><\/p>\n\n\n\n<ul><li><strong>M\u00f3nica Yazm\u00edn Flores-Villegas<\/strong>, Rub\u00e9n Francisco Gonz\u00e1lez\u2013Laredo, Jos\u00e9 \u00c1ngel Prieto-Ru\u00edz, Mar\u00edn Pompa-Garc\u00eda, Luis Alberto Ordaz-D\u00edaz y Pedro Antonio Dom\u00ednguez-Calleros. Eficiencia del extracto vegetal de Datura stramonium L. como insecticida para el control de la mosca sierra. Madera y Bosques vol. 25, n\u00fam. 1, e2511642<\/li><\/ul>\n\n\n\n<p>     <a href=\"https:\/\/doi.org\/10.21829\/myb.2019.2511642\">https:\/\/doi.org\/10.21829\/myb.2019.2511642<\/a><\/p>\n\n\n\n<ul><li><strong>Mar\u00eda M\u00f3nica Gonz\u00e1lez Orozco<\/strong>, Jos\u00e9 \u00c1ngel Prieto Ru\u00edz, Arnulfo Aldrete, Jos\u00e9 Ciro Hern\u00e1ndez D\u00edaz, Jorge Armando Ch\u00e1vez Simental y Rodrigo Rodr\u00edguez Laguna. Sustratos a base de aserr\u00edn crudo con fertilizaci\u00f3n y la calidad de planta de Pinus cooperi Blanco en vivero. <a href=\"http:\/\/cienciasforestales.inifap.gob.mx\/editorial\/index.php\/forestales\/issue\/view\/31\">Vol. 9 N\u00fam. 48 (2018)<\/a>.<\/li><\/ul>\n\n\n\n<p>     <a href=\"https:\/\/doi.org\/10.29298\/rmcf.v8i48.125\">https:\/\/doi.org\/10.29298\/rmcf.v8i48.125<\/a><\/p>\n\n\n\n<p><strong>LGAC PRODUCCI\u00d3N ANIMAL SUSTENTABLE<\/strong> <\/p>\n\n\n\n<ul><li><strong>Salazar-Borunda, M.A<\/strong>.; Tarango-Ar\u00e1mbula, Luis Antonio; L\u00f3pez-Serrano, P.M.; Ch\u00e1vez-Simental, J.A.; Olmos-Oropeza, Genaro; Mart\u00ednez-Guerrero, J.H.; Pereda-Sol\u00eds, M.E. Realized ecological niche of the Mexican Spotted Owl (<em>Strix occidentalis lucida<\/em>) in Mexico. <em>Agro Productividad<\/em>, <em>14<\/em>(6). <strong><\/strong><\/li><\/ul>\n\n\n\n<p>     <a href=\"https:\/\/doi.org\/10.32854\/agrop\">https:\/\/doi.org\/10.32854\/agrop<\/a><\/p>\n\n\n\n<ul><li><strong>Torres-Fraga Karla<\/strong>, P\u00e1ez-Lerma Jes\u00fas, P\u00e1manes-Carrasco Gerardo, Herrera-Torres Esperanza, Carrete-Carre\u00f3n Francisco, Murillo-Ortiz Manuel. Sustituci\u00f3n de heno de alfalfa por hojas de ajo y su efecto en la fermentaci\u00f3n ruminal in vitro<strong>. <\/strong>Abanico Veterinario. Enero-Diciembre 2020; 10(1):1-11. <strong><\/strong><\/li><\/ul>\n\n\n\n<p>     <a href=\"http:\/\/dx.doi.org\/10.21929\/abavet2020.11\">http:\/\/dx.doi.org\/10.21929\/abavet2020.11<\/a><\/p>\n\n\n\n<ul><li> <strong>Ma. del Carmen Ponce-Rodr\u00edguez<\/strong>, Jos\u00e9 \u00c1ngel Prieto-Ru\u00edz, Francisco Oscar Carrete-Carre\u00f3n, Elena P\u00e9rez-L\u00f3pez, Jos\u00e9 de Jes\u00fas Mu\u00f1oz-Ramos, Osvaldo Reyes-Estrada y H\u00e9ctor Ram\u00edrez-Gardu\u00f1o. Influencia de los terraplenes de piedra en la vegetaci\u00f3n y el suelo en un \u00e1rea reforestada con\u00a0<em>Pinus engelmannii<\/em>\u00a0Carr.\u00a0en los Bosques de Durango, M\u00e9xico. <em>Sostenibilidad\u00a0<\/em>2019<em>,\u00a011\u00a0<\/em>(18).<\/li><\/ul>\n\n\n\n<p>     <a href=\"https:\/\/doi.org\/10.3390\/su11185033\">https:\/\/doi.org\/10.3390\/su11185033<\/a><\/p>\n\n\n\n<ul><li><strong>Luz M. Salazar-S\u00e1nchez<\/strong>, Jos\u00e9 H. Mart\u00ednez-Guerrero, Maribel Guerrero Cervantes, <strong><sup>\u00a0<\/sup><\/strong>Mart\u00edn E. Pereda-Sol\u00eds, Hugo Bernal-Barrag\u00e1ny <a href=\"https:\/\/chapingo-cori.mx\/zonas_aridas\/zonas_aridas\/article\/view\/r.rchsza.2021.19.2#author-6\">Mieke-Titulaer<\/a>. Potencial energ\u00e9tico de semillas de pastos en sitios usados por gorriones de pastizal en el Noroeste de M\u00e9xico. Universidad Aut\u00f3noma Chapingo Vol. 19 N\u00fam. 2 (2020).<\/li><\/ul>\n\n\n\n<h5>     <a href=\"https:\/\/doi.org\/10.5154\/r.rchsza.2021.19.2\">https:\/\/doi.org\/10.5154\/r.rchsza.2021.19.2<\/a> <\/h5>\n\n\n\n<ul><li><strong>S<\/strong><strong>amuel Ignacio Arroyo-Arroyo<\/strong>, Mart\u00edn Emilio Pereda-Sol\u00eds, Jos\u00e9 Hugo Mart\u00ednez Guerrero, <strong>Daniel Sierra-Franco<\/strong>, Andrea Montes-Aldaba, Erin H. Strasser, and Arvind O. Panjabi. First Record of Grasshopper Sparrow (<em>Ammodramus savannarum<\/em>) Breeding in the Grasslands of Durango, M\u00e9xico, with Notes on Nesting Sites and Habitat. <a href=\"https:\/\/bioone.org\/journals\/western-north-american-naturalist\/volume-80\/issue-1\">Naturalista occidental de Am\u00e9rica del Norte, 80 (1)<\/a>&nbsp;: 38-48 (2020).<\/li><\/ul>\n\n\n\n<p>     <a href=\"https:\/\/doi.org\/10.3398\/064.080.0105\">https:\/\/doi.org\/10.3398\/064.080.0105<\/a><\/p>\n\n\n\n<ul><li><strong>Daniel Sierra-Franco<\/strong>, Jos\u00e9 Hugo Mart\u00ednez-Guerrero, Mart\u00edn E. Pereda-Sol\u00eds, Erin Hennegan Strasser. Patr\u00f3n de movimientos y \u00e1mbito hogare\u00f1o invernal de aves de pastizal en el noroeste de M\u00e9xico. Biotecnia \/ XXI (3): 41-47 (2019).<\/li><\/ul>\n\n\n\n<p>     <a href=\"https:\/\/doi.org\/10.18633\/biotecnia.v21i3.1010\">https:\/\/doi.org\/10.18633\/biotecnia.v21i3.1010<\/a><\/p>\n\n\n\n<ul><li><strong>Cynthia Adriana Nava Berumen,<\/strong> Rigoberto Rosales Serna, Rafael Jim\u00e9nez Ocampo, Francisco \u00d3scar Carrete Carre\u00f3n, Pablo Alfredo Dom\u00ednguez Mart\u00ednez, Manuel Murillo Ortiz. Rendimiento y valor nutricional de tres variedades de sorgo dulce cultivadas en cuatro ambientes de Durango. Rev Mex Cienc Pecu 2017; 8(2):147-155.<\/li><\/ul>\n\n\n\n<p>     <a href=\"https:\/\/doi.org\/10.22319\/rmcp.v8i2.4426\">https:\/\/doi.org\/10.22319\/rmcp.v8i2.4426<\/a><\/p>\n\n\n\n<p><strong>LGAC AGRICULTURA SUTENTABLE<\/strong><\/p>\n\n\n\n<ul><li><strong>Mar\u00eda A. \u00c1valos de la Cruz<\/strong>, Uriel Figueroa Viramontes, Jos\u00e9 L. Garc\u00eda Hern\u00e1ndez, Cirilo V\u00e1zquez V\u00e1zquez, Miguel A. Gallegos Robles e Ignacio Orona Castillo. Bioinoculantes y Abonos Org\u00e1nicos en la Producci\u00f3n de Ma\u00edz Forrajero Bioinoculants and Organic Fertilizers in the Production of Silage Corn. Nova Scientia. N\u00ba 20, Vol. 10 (1), 2018.<strong><\/strong><\/li><\/ul>\n\n\n\n<p><a href=\"http:\/\/novascientia.delasalle.edu.mx\/ojs\/index.php\/Nova\/article\/view\/1285\/477\">http:\/\/novascientia.delasalle.edu.mx\/ojs\/index.php\/Nova\/article\/view\/1285\/477<\/a><\/p>\n\n\n\n<ul><li><strong>Ram\u00edrez-Arag\u00f3n, M.G.;<\/strong> V.J. Borroel-Garc\u00eda, L. Salas-P\u00e9rez, J.D. L\u00f3pez-Mart\u00ednez, M.A. Gallegos-Robles, y H.I. Trejo-Escare\u00f1o. \u00c1CIDO ROSMAR\u00cdNICO, FEN\u00d3LICOS TOTALES Y CAPACIDAD ANTIOXIDANTE EN TRES VARIEDADES DE Ocimum basilicum L. CON DIFERENTES DOSIS DE POTASIO. Polibot\u00e1nica. N\u00fam. 47: 89-98 Enero 2019 DOI: 10.18387\/polibotanica.47.7<\/li><\/ul>\n\n\n\n<p><a href=\"http:\/\/www.polibotanica.mx\/ojs\/index.php\/polibotanica\/article\/view\/443\/376\">http:\/\/www.polibotanica.mx\/ojs\/index.php\/polibotanica\/article\/view\/443\/376<\/a><\/p>\n\n\n\n<ul><li><strong>Gonz\u00e1lez B ML<\/strong>, M Fortis H, P Preciado R, MA Segura C, E Salazar Sosa, JL Garc\u00eda H, JR Esparza R. Calidad fitoqu\u00edmica de tomate Saladette producido con sustratos org\u00e1nicos bajo condiciones de invernadero. FYTON 85 (2016).<\/li><\/ul>\n\n\n\n<p><a href=\"http:\/\/www.revistaphyton.fund-romuloraggio.org.ar\/vol85\/Gonzalez_B.pdf\">http:\/\/www.revistaphyton.fund-romuloraggio.org.ar\/vol85\/Gonzalez_B.pdf<\/a><\/p>\n\n\n\n<ul><li><strong>Rosa Mar\u00eda Estrada-Loera<\/strong>, Miguel \u00c1ngel Gallegos-Robles, Ignacio Orona-Castillo, Jos\u00e9 Luis Garc\u00eda-Hern\u00e1ndez, Jorge Alberto Osuna Garc\u00eda, Roberto S\u00e1nchez-Lucio, Juan Luis R\u00edos-Plaza, Cirilo V\u00e1zquez-V\u00e1zquez. PREVALENCIA DE BACTERIAS PAT\u00d3GENAS EN MANGO (Mangifera indica L) CV. TOMMY ATKINS. Biotecnia \/ XXI (1): 5-12 (2019).<\/li><\/ul>\n\n\n\n<p>     <a href=\"https:\/\/doi.org\/10.18633\/biotecnia.v21i1.807\">https:\/\/doi.org\/10.18633\/biotecnia.v21i1.807<\/a><\/p>\n\n\n\n<p><strong>Cap\u00edtulos de libro<\/strong><\/p>\n\n\n\n<p>How Drought Drives Seasonal Radial Growth in Pinus strobiformis from Northern Mexico. <strong>Andrea Cecilia Acosta-Hern\u00e1ndez<\/strong>, Mar\u00edn Pompa-Garc\u00eda  <strong>Marcos Gonz\u00e1lez-C\u00e1sares<\/strong>, Jos\u00e9 Manuel Z\u00fa\u00f1iga-V\u00e1squez,<br>Jos\u00e9 Ciro Hern\u00e1ndez-D\u00edaz, Jos\u00e9 Rodolfo Goche-Telles,<br>Jos\u00e9 \u00c1ngel Prieto-Ru\u00edz y Juan Abel N\u00e1jera-Luna<\/p>\n\n\n\n<p><strong>Congresos Nacionales e Internacionales<\/strong><\/p>\n\n\n\n<p>Inactivaci\u00f3n de pupas de los defoliadores del pino Neodirpion autumnalis y Zadirpion falsus en Durango. Ing. Jos\u00e9 Luis Aguilar Vitela, MC. M\u00f3nica Yazm\u00edn Flores Villegas, Elena Carrillo Rodr\u00edguez, Dr. Rub\u00e9n Francisco Gonz\u00e1lez Laredo, Dr. Luis Alberto Ordaz D\u00edaz y MC. Karla Torres Fraga<\/p>\n","protected":false},"excerpt":{"rendered":"<p>Durante el per\u00edodo 2013-2020 los estudiantes de posgrado, en conjunto con&nbsp; los profesores investigadores del N\u00facleo Acad\u00e9mico B\u00e1sico, han publicado m\u00e1s 100 art\u00edculos cient\u00edficos indexados en el JCR o reconocidas por el CONACyT; asimismo,&nbsp; han participado en 4 libros t\u00e9cnicos, <a href=\"https:\/\/forestales.ujed.mx\/dicaf\/productividad-academica-relevante\/\" class=\"read-more\">Leer mas&#8230;<\/a><\/p>\n","protected":false},"author":1,"featured_media":0,"parent":0,"menu_order":0,"comment_status":"closed","ping_status":"closed","template":"","meta":[],"_links":{"self":[{"href":"https:\/\/forestales.ujed.mx\/dicaf\/wp-json\/wp\/v2\/pages\/26"}],"collection":[{"href":"https:\/\/forestales.ujed.mx\/dicaf\/wp-json\/wp\/v2\/pages"}],"about":[{"href":"https:\/\/forestales.ujed.mx\/dicaf\/wp-json\/wp\/v2\/types\/page"}],"author":[{"embeddable":true,"href":"https:\/\/forestales.ujed.mx\/dicaf\/wp-json\/wp\/v2\/users\/1"}],"replies":[{"embeddable":true,"href":"https:\/\/forestales.ujed.mx\/dicaf\/wp-json\/wp\/v2\/comments?post=26"}],"version-history":[{"count":22,"href":"https:\/\/forestales.ujed.mx\/dicaf\/wp-json\/wp\/v2\/pages\/26\/revisions"}],"predecessor-version":[{"id":598,"href":"https:\/\/forestales.ujed.mx\/dicaf\/wp-json\/wp\/v2\/pages\/26\/revisions\/598"}],"wp:attachment":[{"href":"https:\/\/forestales.ujed.mx\/dicaf\/wp-json\/wp\/v2\/media?parent=26"}],"curies":[{"name":"wp","href":"https:\/\/api.w.org\/{rel}","templated":true}]}}